{"id":895,"date":"2018-11-19T20:03:55","date_gmt":"2018-11-19T19:03:55","guid":{"rendered":"https:\/\/www.tvettingen.ch\/extranet\/?page_id=895"},"modified":"2024-03-27T20:09:52","modified_gmt":"2024-03-27T19:09:52","slug":"geschichte","status":"publish","type":"page","link":"https:\/\/www.tvettingen.ch\/extranet\/geschichte\/","title":{"rendered":"Geschichte"},"content":{"rendered":"<div class=\"fusion-fullwidth fullwidth-box fusion-builder-row-1 nonhundred-percent-fullwidth non-hundred-percent-height-scrolling\" style=\"--awb-border-radius-top-left:0px;--awb-border-radius-top-right:0px;--awb-border-radius-bottom-right:0px;--awb-border-radius-bottom-left:0px;--awb-flex-wrap:wrap;\" ><div class=\"fusion-builder-row fusion-row\"><div class=\"fusion-layout-column fusion_builder_column fusion-builder-column-0 fusion_builder_column_2_3 2_3 fusion-two-third fusion-column-first\" style=\"--awb-bg-size:cover;width:66.666666666667%;width:calc(66.666666666667% - ( ( 4% ) * 0.66666666666667 ) );margin-right: 4%;\"><div class=\"fusion-column-wrapper fusion-flex-column-wrapper-legacy\"><div class=\"fusion-title title fusion-title-1 fusion-sep-none fusion-title-text fusion-title-size-one\"><h1 class=\"fusion-title-heading title-heading-left fusion-responsive-typography-calculated\" style=\"margin:0;--fontSize:34;line-height:1.4;\"><h1>Die Geschichte<br \/>\nMarkantes aus \u00fcber 100 Jahren<\/h1><\/h1><\/div><div class=\"fusion-text fusion-text-1\"><h2 data-fontsize=\"24\" data-lineheight=\"36px\">2024<\/h2>\n<p><span class=\"TextRun SCXW239946758 BCX0\" lang=\"DE-CH\" xml:lang=\"DE-CH\" data-contrast=\"auto\"><span class=\"NormalTextRun SCXW239946758 BCX0\">Endlich ist es <\/span><span class=\"NormalTextRun ContextualSpellingAndGrammarErrorV2Themed SCXW239946758 BCX0\">soweit<\/span><span class=\"NormalTextRun SCXW239946758 BCX0\">, unser langersehntes <\/span><span class=\"NormalTextRun SpellingErrorV2Themed SCXW239946758 BCX0\">turntastisches<\/span><span class=\"NormalTextRun SCXW239946758 BCX0\"> Turnfest steht vor der T\u00fcre. Die OKs laufen auf Hochtouren. Das OK erwartet ca. 2000 Aktive Turner und Turnerinnen, welche ihr K\u00f6nnen in Ettingen unter Beweis stellen werden.<\/span><\/span><span class=\"EOP SCXW239946758 BCX0\" data-ccp-props=\"\">\u00a0<\/span><\/p>\n<h2>2023<\/h2>\n<p><span class=\"TextRun SCXW73287250 BCX0\" lang=\"DE-CH\" xml:lang=\"DE-CH\" data-contrast=\"auto\"><span class=\"NormalTextRun SCXW73287250 BCX0\">In diesem Jahr gingen wir mit einer jungen Gruppe ans Trainingsweekend auf Magglingen und durften eine super Anlage geniessen. <\/span><span class=\"NormalTextRun CommentStart CommentHighlightPipeRestV2 CommentHighlightRest SCXW73287250 BCX0\">Unser K\u00f6nnen durften wir anschliessend mit einer Aktivgruppe und 30+-Gruppe am Turnfest in Wangen an der Aare zeigen. <\/span><span class=\"NormalTextRun CommentHighlightPipeRestV2 SCXW73287250 BCX0\">Die Vorbereitungen f\u00fcr das RTF in Ettingen im n\u00e4chsten Jahr laufen auf Hochtouren. <\/span><\/span><span class=\"EOP SCXW73287250 BCX0\" data-ccp-props=\"\">\u00a0<\/span><\/p>\n<h2>2022<\/h2>\n<p><span class=\"TextRun SCXW216630357 BCX0\" lang=\"DE-CH\" xml:lang=\"DE-CH\" data-contrast=\"auto\"><span class=\"NormalTextRun SCXW216630357 BCX0\">Endlich wieder Freiheit. Nachdem im Februar alle Corona-Massnahmen aufgehoben wurden, konnten wir unser Vereinsleben endlich wieder in vollen Z\u00fcgen geniessen. Jeder Anlass durfte ohne Auflagen\u00a0durchgef\u00fchrt werden.\u00a0<\/span><\/span><span class=\"EOP SCXW216630357 BCX0\" data-ccp-props=\"\">\u00a0<\/span><\/p>\n<h2>2021<\/h2>\n<p><span class=\"TextRun SCXW129148230 BCX0\" lang=\"DE-CH\" xml:lang=\"DE-CH\" data-contrast=\"auto\"><span class=\"NormalTextRun SCXW129148230 BCX0\">In diesem Jahr wurde ein Kern-OK gebildet. Der Verein hat entschieden, dass es nach dem Erfolg <\/span><span class=\"NormalTextRun AdvancedProofingIssueV2Themed SCXW129148230 BCX0\">im 2017<\/span><span class=\"NormalTextRun SCXW129148230 BCX0\"> mit der KMVW wieder Zeit w\u00e4re ein Regio-Turnfest in Ettingen durchzuf\u00fchren. Der Anlass findet <\/span><span class=\"NormalTextRun AdvancedProofingIssueV2Themed SCXW129148230 BCX0\">im 2024<\/span><span class=\"NormalTextRun SCXW129148230 BCX0\"> statt. Corona hatte auch in diesem Jahr einen grossen Einfluss auf den Turnbetrieb. Doch unter Einhaltung der beh\u00f6rdlichen Auflagen konnten wir trotzdem alle unsere traditionellen Anl\u00e4sse <\/span><span class=\"NormalTextRun ContextualSpellingAndGrammarErrorV2Themed SCXW129148230 BCX0\">durchf\u00fchren..<\/span><\/span><span class=\"EOP SCXW129148230 BCX0\" data-ccp-props=\"\">\u00a0<\/span><\/p>\n<h2>2020<\/h2>\n<p><span class=\"TextRun SCXW243335333 BCX0\" lang=\"DE-CH\" xml:lang=\"DE-CH\" data-contrast=\"auto\"><span class=\"NormalTextRun SCXW243335333 BCX0\">Neu wird unser Verein von einer Pr\u00e4sidentin allein gef\u00fchrt. Das Jahr 2020 stellt uns vor eine neue Herausforderung. Alle Turnstunden mussten abgesagt werden und die Anl\u00e4sse durften aufgrund des Corona-Virus nicht durchgef\u00fchrt werden. Die Anpassung an die Situation fiel uns allen schwer.<\/span><\/span><span class=\"EOP SCXW243335333 BCX0\" data-ccp-props=\"\">\u00a0<\/span><\/p>\n<h2>2019<\/h2>\n<p><span class=\"TextRun SCXW222720069 BCX0\" lang=\"DE-CH\" xml:lang=\"DE-CH\" data-contrast=\"auto\"><span class=\"NormalTextRun SCXW222720069 BCX0\">Unser Verein wird erstmals von einem weiblichen Pr\u00e4sidium gef\u00fchrt. Das Highlight des Jahres 2019 war das eidgen\u00f6ssische Turnfest in Aarau. Unser Verein startete mit vielen fleissigen Turnerinnen und Turner und erreichte eine grandiose Gesamtnote von 26.34. <\/span><\/span><span class=\"EOP SCXW222720069 BCX0\" data-ccp-props=\"\">\u00a0<\/span><\/p>\n<h2>2018<\/h2>\n<p><span class=\"TextRun SCXW54256313 BCX0\" lang=\"DE-CH\" xml:lang=\"DE-CH\" data-contrast=\"auto\"><span class=\"NormalTextRun SCXW54256313 BCX0\">Seit dem Erfolg mit dem Jubil\u00e4umseierlesen <\/span><span class=\"NormalTextRun AdvancedProofingIssueV2Themed SCXW54256313 BCX0\">im 2013<\/span><span class=\"NormalTextRun SCXW54256313 BCX0\">, findet das Eierlesen weiterhin an einem Samstag statt. Mittlerweile starten auch Vereine von den Nachbarsd\u00f6rfern am Eierlesen, so konnten wir in diesem Jahr den SC Biel-Benken und den TV Bottmingen bei uns begr\u00fcssen.<\/span><\/span><span class=\"EOP SCXW54256313 BCX0\" data-ccp-props=\"\">\u00a0<\/span><\/p>\n<h2>2017<\/h2>\n<p><span data-contrast=\"auto\">Ein OK mit jungen Turnerinnen und Turnern organisierten die kantonale Meisterschaft im Vereinswettkampf in Ettingen. Der Anlass war ein voller Erfolg. Es wurde fleissig geturnt und organisiert. Es wurde gezeigt, dass im unteren Baselbiet auch gut geturnt werden kann. <\/span><span data-ccp-props=\"\">\u00a0<\/span><\/p>\n<p><span data-contrast=\"auto\">\u00abZ\u00e4mme turne, z\u00e4mme stark\u00bb<\/span><span data-ccp-props=\"\">\u00a0<\/span><\/p>\n<h2>2016<\/h2>\n<p><span class=\"TextRun SCXW137319285 BCX0\" lang=\"DE-CH\" xml:lang=\"DE-CH\" data-contrast=\"auto\"><span class=\"NormalTextRun SCXW137319285 BCX0\">In diesem Jahr fand wieder ein kantonales Turnfest in <\/span><span class=\"NormalTextRun SpellingErrorV2Themed SCXW137319285 BCX0\">Diegten<\/span><span class=\"NormalTextRun SCXW137319285 BCX0\"> statt. Das Turnfest wurde mit Regen \u00fcbergossen. Der Verein ist mittlerweile sch\u00f6n durchmischt mit Frau und Mann und die Module wurden <\/span><span class=\"NormalTextRun AdvancedProofingIssueV2Themed SCXW137319285 BCX0\">toll<\/span><span class=\"NormalTextRun SCXW137319285 BCX0\"> besucht. Der Verein entschied <\/span><span class=\"NormalTextRun SCXW137319285 BCX0\">sich<\/span><span class=\"NormalTextRun SCXW137319285 BCX0\"> einen Anlass im kommenden Jahr nach Ettingen zu holen- seit langem wird wieder einmal eine KMVW im unteren Baselbiet organisiert.<\/span><\/span><span class=\"EOP SCXW137319285 BCX0\" data-ccp-props=\"\">\u00a0<\/span><\/p>\n<h2 class=\"fusion-responsive-typography-calculated\" style=\"--fontsize: 24; line-height: 1.5;\" data-fontsize=\"24\" data-lineheight=\"36px\">2015<\/h2>\n<p>An den NWS Wettk\u00e4mpfen in Gipf-Oberfrick belegt die Juspo unter der Leitung von Jeannine Brodmann in der Gymnastik den 1. Platz.<\/p>\n<h2 class=\"fusion-responsive-typography-calculated\" style=\"--fontsize: 24; line-height: 1.5;\" data-fontsize=\"24\" data-lineheight=\"36px\">2014<\/h2>\n<p>Es findet das 75-Jahr-Jubil\u00e4um des beliebten Eierlesens statt, zum ersten Mal mit einer grossen Festbeiz und Live-Musik.<br \/>\nDer Turnverein erh\u00e4lt nach 13 Jahren einen komplett neuen Webauftritt.<\/p>\n<h2 class=\"fusion-responsive-typography-calculated\" style=\"--fontsize: 24; line-height: 1.5;\" data-fontsize=\"24\" data-lineheight=\"36px\">2013<\/h2>\n<p>An der KMVW in Frenkendorf feiert die JUSPO den Kantonalen Meister in der Kategorie Gymnastik Jugend!<\/p>\n<h2 class=\"fusion-responsive-typography-calculated\" style=\"--fontsize: 24; line-height: 1.5;\" data-fontsize=\"24\" data-lineheight=\"36px\">2012<\/h2>\n<p>75. Jahre JUSPO! Diesen Anlass feiert die JUSPO mit einem Festakt und einem Jubil\u00e4umsabend im grossen Stil!<\/p>\n<p>Die Vereinszeitung TV-aktuell erscheint im Dezember zum letzten Mal. Nach genau 160 Ausgaben geht der Turnverein mit der Zeit und setzt ab sofort auf Internet und Facebook als Informationskanal.<\/p>\n<h2>2011<\/h2>\n<p><span class=\"TextRun SCXW92255568 BCX0\" lang=\"DE-CH\" xml:lang=\"DE-CH\" data-contrast=\"auto\"><span class=\"NormalTextRun SCXW92255568 BCX0\">Im Vorstand und im TL werden Junge ins Boot geholt und bringen frischen Wind in die Aktivriege und den Verein. Der <\/span><span class=\"NormalTextRun SpellingErrorV2Themed SCXW92255568 BCX0\">Schn\u00e4llscht<\/span> <span class=\"NormalTextRun SpellingErrorV2Themed SCXW92255568 BCX0\">Ettiger<\/span><span class=\"NormalTextRun SCXW92255568 BCX0\"> wird als Kombi Anlass genutzt. Es wird eine Korbballrunde durchgef\u00fchrt.\u00a0<\/span><\/span><span class=\"EOP SCXW92255568 BCX0\" data-ccp-props=\"\">\u00a0<\/span><\/p>\n<h2>2010<\/h2>\n<p><span class=\"TextRun SCXW126643775 BCX0\" lang=\"DE-CH\" xml:lang=\"DE-CH\" data-contrast=\"auto\"><span class=\"NormalTextRun SCXW126643775 BCX0\">Am <\/span><span class=\"NormalTextRun CommentStart CommentHighlightPipeRestV2 CommentHighlightRest SCXW126643775 BCX0\">kantonalen <\/span><span class=\"NormalTextRun CommentHighlightPipeRestV2 SCXW126643775 BCX0\">Turnfest in Aesch erreichte unser Verein eine Gesamtnote von 26.21, Wahnsinn! Die Aktivriege startete mit 25 Teilnehmer\/innen, davon waren 15 j\u00fcnger als 20 Jahre. Bei der <\/span><span class=\"NormalTextRun SpellingErrorV2Themed SCXW126643775 BCX0\">Juspo<\/span><span class=\"NormalTextRun SCXW126643775 BCX0\"> turnten Ende Jahr ca. 90 Kinder. <\/span><\/span><span class=\"EOP SCXW126643775 BCX0\" data-ccp-props=\"\">\u00a0<\/span><\/p>\n<h2>2009<\/h2>\n<p><span class=\"TextRun SCXW51425019 BCX0\" lang=\"DE-CH\" xml:lang=\"DE-CH\" data-contrast=\"auto\"><span class=\"NormalTextRun SCXW51425019 BCX0\">17 Jugendliche turnten in diesem Jahr neu bei der <\/span><span class=\"NormalTextRun ContextualSpellingAndGrammarErrorV2Themed SCXW51425019 BCX0\">Aktivriege..<\/span><span class=\"NormalTextRun SCXW51425019 BCX0\"> Es gab zudem Erfolge bei den <\/span><span class=\"NormalTextRun SpellingErrorV2Themed SCXW51425019 BCX0\">Korbballerinnen<\/span><span class=\"NormalTextRun SCXW51425019 BCX0\"> und im Volleyball zu verz<\/span><span class=\"NormalTextRun SCXW51425019 BCX0\">eichnen. <\/span><\/span><span class=\"EOP SCXW51425019 BCX0\" data-ccp-props=\"\">\u00a0<\/span><\/p>\n<h2>2008<\/h2>\n<p><span class=\"TextRun SCXW179087732 BCX0\" lang=\"DE-CH\" xml:lang=\"DE-CH\" data-contrast=\"auto\"><span class=\"NormalTextRun SCXW179087732 BCX0\">Unsere <\/span><span class=\"NormalTextRun SpellingErrorV2Themed SCXW179087732 BCX0\">Juspo<\/span><span class=\"NormalTextRun SCXW179087732 BCX0\"> wurde Turnfestsieger in der 1. St\u00e4rkeklasse am Turnfest in <\/span><span class=\"NormalTextRun SpellingErrorV2Themed SCXW179087732 BCX0\">L\u00e4ufelfingen<\/span><span class=\"NormalTextRun SCXW179087732 BCX0\">. Es fanden viele Entwicklungen statt in diesem Jahr: Unsere Gymnastik wurde verst\u00e4rkt, neue <\/span><span class=\"NormalTextRun SpellingErrorV2Themed SCXW179087732 BCX0\">Korbballerinnen<\/span><span class=\"NormalTextRun SCXW179087732 BCX0\"> stiessen dazu und das <\/span><span class=\"NormalTextRun SpellingErrorV2Themed SCXW179087732 BCX0\">Volleyballtrainingwurde<\/span><span class=\"NormalTextRun SCXW179087732 BCX0\"> weiterentwickelt.<\/span><\/span><span class=\"EOP SCXW179087732 BCX0\" data-ccp-props=\"\">\u00a0<\/span><\/p>\n<h2>2007<\/h2>\n<p><span class=\"TextRun SCXW72756986 BCX0\" lang=\"DE-CH\" xml:lang=\"DE-CH\" data-contrast=\"auto\"><span class=\"NormalTextRun SCXW72756986 BCX0\">In diesem Jahr fand ein grosses Turnspektakel statt. Das <\/span><span class=\"NormalTextRun CommentStart CommentHighlightPipeRestV2 CommentHighlightRest SCXW72756986 BCX0\">Eidgen\u00f6ssische <\/span><span class=\"NormalTextRun CommentHighlightPipeRestV2 SCXW72756986 BCX0\">Turnfest in Frauenfeld. Die Aktivriege nahm eine Gruppe von jungen Turnerinnen und Turner mit ans Turnfest. Es wurde auch intern eine Klausur durchgef\u00fchrt, damit unser Verein wachsen kann mit Ideen f\u00fcr die Zukunft.<\/span><\/span><span class=\"EOP SCXW72756986 BCX0\" data-ccp-props=\"\">\u00a0<\/span><\/p>\n<h2>2006<\/h2>\n<p><span class=\"TextRun SCXW128059751 BCX0\" lang=\"DE-CH\" xml:lang=\"DE-CH\" data-contrast=\"auto\"><span class=\"NormalTextRun SCXW128059751 BCX0\">Das Ziel im Vorjahr, frischen Wind in den Verein zu bringen, wurde umgesetzt. Jugendliche trainierten neu bei der Aktivriege und gingen gemeinsam ans Turnfest. Der Verein will den Jugendlichen ein gutes Training anbieten, um sie im Verein zu halten. <\/span><\/span><span class=\"EOP SCXW128059751 BCX0\" data-ccp-props=\"\">\u00a0<\/span><\/p>\n<h2>2005<\/h2>\n<p><span class=\"TextRun SCXW76887239 BCX0\" lang=\"DE-CH\" xml:lang=\"DE-CH\" data-contrast=\"auto\"><span class=\"NormalTextRun SCXW76887239 BCX0\">Der Verein erarbeitete viele interne Ziele. Es mussten neue Leiter gesucht werden, um diese Ver\u00e4nderungen zu realisieren. Das Hauptziel des TVE war es, neue Vereinsmitglieder zu gewinnen und f\u00fcr den Turnsport zu motivieren. Es sollte frischer Wind in den Verein gebracht werden. <\/span><\/span><span class=\"EOP SCXW76887239 BCX0\" data-ccp-props=\"\">\u00a0<\/span><\/p>\n<h2>2004<\/h2>\n<p><span class=\"TextRun SCXW25125039 BCX0\" lang=\"DE-CH\" xml:lang=\"DE-CH\" data-contrast=\"auto\"><span class=\"NormalTextRun SCXW25125039 BCX0\">Im Fr\u00fchjahr 2004 fand unser traditionelles Eierlesen statt. Zudem f\u00fchrte unser Verein im Herbst einen Gala-Abend durch, welcher mit verschiedenen Attraktionen gestaltet wurde.<\/span><\/span><span class=\"EOP SCXW25125039 BCX0\" data-ccp-props=\"\">\u00a0<\/span><\/p>\n<h2>2003<\/h2>\n<p><span class=\"TextRun SCXW740368 BCX0\" lang=\"DE-CH\" xml:lang=\"DE-CH\" data-contrast=\"auto\"><span class=\"NormalTextRun SCXW740368 BCX0\">Das Jahr begann sehr ruhig, da wir <\/span><span class=\"NormalTextRun AdvancedProofingIssueV2Themed SCXW740368 BCX0\">im 2002<\/span><span class=\"NormalTextRun SCXW740368 BCX0\"> mit unserem Jubil\u00e4umsjahr sehr viel Trubel hatten. Im August wagte unser Verein den Start in eine neue \u00c4ra. Wir ersetzten das Modul Gymnastik mit dem immer popul\u00e4reren Modul Aerobic. Eine neue Turnstunde wurde eingerichtet speziell f\u00fcr junge Turnerinnen und Turner.<\/span><\/span><span class=\"EOP SCXW740368 BCX0\" data-ccp-props=\"\">\u00a0<\/span><\/p>\n<h2 class=\"fusion-responsive-typography-calculated\" style=\"--fontsize: 24; line-height: 1.5;\" data-fontsize=\"24\" data-lineheight=\"36px\">2002<\/h2>\n<p>Der Turnverein Ettingen feiert sein 100j\u00e4hriges Bestehen. Verschiedene Festivit\u00e4ten stehen auf dem Jahresprogramm.<\/p>\n<h2 class=\"fusion-responsive-typography-calculated\" style=\"--fontsize: 24; line-height: 1.5;\" data-fontsize=\"24\" data-lineheight=\"36px\">2001<\/h2>\n<p>Der Turnverein im Internet. Dominik Weber entwirft eine Web-Site, die \u00fcberall grossen Anklang findet und auch rege besucht wird.<\/p>\n<h2 class=\"fusion-responsive-typography-calculated\" style=\"--fontsize: 24; line-height: 1.5;\" data-fontsize=\"24\" data-lineheight=\"36px\">2000<\/h2>\n<p>Die Vereinszeitung TV-aktuell erscheint unter der neuen Redaktion in schlichtem schwarz\/weiss.<br \/>\nDas OK \u201e100 Jahre TVE\" wird gebildet und nimmt die Vorbereitungsarbeiten auf.<\/p>\n<h2 class=\"fusion-responsive-typography-calculated\" style=\"--fontsize: 24; line-height: 1.5;\" data-fontsize=\"24\" data-lineheight=\"36px\">1999<\/h2>\n<p>Am Kantonalturnfest in Liestal holte sich eine Mannschaft der M\u00e4nnerriege Ettingen in der Kat. A den Turnfestsieg.<br \/>\nWerner und Brigitte St\u00f6cklin \u00fcbergeben die Redaktion des TV-aktuell an Walter Gerber.<\/p>\n<h2 class=\"fusion-responsive-typography-calculated\" style=\"--fontsize: 24; line-height: 1.5;\" data-fontsize=\"24\" data-lineheight=\"36px\">1998<\/h2>\n<p>Am \u201eQuer durch Basel\" holt sich die Jugendsportgruppe TV Ettingen in der Kategorie Knaben den 1. Platz.<br \/>\nUnter anderem mit 1000 Steaks und 55l roter Wodka hat der TV Ettingen mit seinen Untersektionen im \u201eWesternsaloon\" am \u201e3-D\u00f6rfer-Fest\" in Biel-Benken einen grossen finanziellen Zustupf an das OK geleistet.<\/p>\n<h2 class=\"fusion-responsive-typography-calculated\" style=\"--fontsize: 24; line-height: 1.5;\" data-fontsize=\"24\" data-lineheight=\"36px\">1997<\/h2>\n<p>Der Verein gr\u00fcndet ein OK f\u00fcr das \u201eProjekt TVE2000\" mit dem Ziel die Zukunft des Vereins zu planen und die Zusammenarbeit zu f\u00f6rdern.<br \/>\nIm M\u00e4rz 1997 erscheint die 100. Ausgabe unserer Vereinszeitung \u201eTV-aktuell\".<br \/>\nDie Korbballerinnen qualifizieren sich f\u00fcr die Nationalliga B.<\/p>\n<h2 class=\"fusion-responsive-typography-calculated\" style=\"--fontsize: 24; line-height: 1.5;\" data-fontsize=\"24\" data-lineheight=\"36px\">1996<\/h2>\n<p>Ruben Kiefer wird mit 2.17 Meter Schweizermeister im Hochsprung.<br \/>\nDie Turnerinnenriege feiert ihr 50j\u00e4hriges Bestehen mit verschiedenen Aktivit\u00e4ten.<\/p>\n<h2 class=\"fusion-responsive-typography-calculated\" style=\"--fontsize: 24; line-height: 1.5;\" data-fontsize=\"24\" data-lineheight=\"36px\">1995<\/h2>\n<p>Der Turnverein ist Organisator des \u201eRegio-Turnfestes 1995\" mit \u00fcber 2300 aktiven Teilnehmern.<br \/>\nNeuer Wind in der Aktivriege. Zw\u00f6lf Turnerinnen z\u00e4hlen seit der Generalversammlung zu den Aktivmitgliedern der Turner.<br \/>\nDie Korbballerinnen erhalten den F\u00f6rderpreis des Bezirksturnverbandes f\u00fcr besondere Leistungen in der Sparte Korbball.<\/p>\n<h2 class=\"fusion-responsive-typography-calculated\" style=\"--fontsize: 24; line-height: 1.5;\" data-fontsize=\"24\" data-lineheight=\"36px\">1994<\/h2>\n<p>Die M\u00e4nnerriege feiert ihr 50j\u00e4hriges Bestehen unter dem Motto \u201eFit ohne Stress\" mit verschiedenen Festivit\u00e4ten.<br \/>\nDie M\u00e4nnerriege organisiert erstmals die Festwirtschaft am Banntag.<br \/>\nAn der Gewerbeausstellung in Ettingen pr\u00e4sentieren sich unsere Turnerinnenriege mit allen Gruppen und wirbt f\u00fcr die Sache des Turnens.<br \/>\nDie Korbballerinnen werden Turnfestsieger am Kantonalen Turnfest in Muttenz im 2-teiligen Vereinswettkampf.<\/p>\n<h2 class=\"fusion-responsive-typography-calculated\" style=\"--fontsize: 24; line-height: 1.5;\" data-fontsize=\"24\" data-lineheight=\"36px\">1993<\/h2>\n<p>Die neue Vereinsfahne wird mit einem Festakt eingeweiht und offiziell dem Turnverein \u00fcbergeben.<br \/>\nDas TV-aktuell erh\u00e4lt ein neues Outfit mit dem Signet der neuen Vereinsfahne.<\/p>\n<h2 class=\"fusion-responsive-typography-calculated\" style=\"--fontsize: 24; line-height: 1.5;\" data-fontsize=\"24\" data-lineheight=\"36px\">1992<\/h2>\n<p>Die neue Turnhalle ist bezugsbereit und wird mit Beteiligung aller Turnverein-Sektionen anl\u00e4sslich einer Turnstunde eingeweiht.<br \/>\nAn den Leichtathletikmeisterschaften beider Basel gewinnt Ruben Kiefer den Hochsprung mit 2.00m.<br \/>\nDas Turnen f\u00fcr Jedermann wird durch Willi Th\u00fcring ins Leben gerufen und bis heute mit grossem Erfolg w\u00f6chentlich durchgef\u00fchrt.<\/p>\n<h2 class=\"fusion-responsive-typography-calculated\" style=\"--fontsize: 24; line-height: 1.5;\" data-fontsize=\"24\" data-lineheight=\"36px\">1991<\/h2>\n<p>Zum Anlass der 700-Jahr-Feier der Eidgenossenschaft ist der Turnverein Ettingen eingeladen, am \u201eBegegnungstag der Schweiz\" in Brunnen das Eierlesen zu demonstrieren.<br \/>\nAm Eidgen\u00f6ssischen in Luzern erk\u00e4mpft sich die M\u00e4nnerriege in der \u201efreien Kategorie\" von 227 Mannschaften den 3. Rang und die Jugendriege mit einer Mannschaft in der Kategorie A den 2. Platz.<br \/>\nDie Korbballerinnen erreichen den zweiten Platz am Eidgen\u00f6ssischen Turnfest in Luzern im 2-teiligen Vereinswettkampf.<\/p>\n<h2 class=\"fusion-responsive-typography-calculated\" style=\"--fontsize: 24; line-height: 1.5;\" data-fontsize=\"24\" data-lineheight=\"36px\">1990<\/h2>\n<p>Im M\u00e4rz findet, unter Beteiligung der Ettinger Dorfvereine, der Spatenstich f\u00fcr den Bau der neuen Sporthalle statt.<br \/>\n50 Jahre Eierlesen wird mit einem speziellen Festprogramm gefeiert.<\/p>\n<h2 class=\"fusion-responsive-typography-calculated\" style=\"--fontsize: 24; line-height: 1.5;\" data-fontsize=\"24\" data-lineheight=\"36px\">1988<\/h2>\n<p>Die M\u00e4nnerriege spielt erstmals in der Feld-Faustballmeisterschaft des M\u00e4nnerturnverbandes Baselland in der h\u00f6chsten Kategorie.<br \/>\nAn den Kantonalen Sommer- meisterschaften holen sich die Korbballerinnen den Meistertitel.<\/p>\n<h2 class=\"fusion-responsive-typography-calculated\" style=\"--fontsize: 24; line-height: 1.5;\" data-fontsize=\"24\" data-lineheight=\"36px\">1987<\/h2>\n<p>Die M\u00e4nnerriege erk\u00e4mpft sich am Bezirksturnfest in M\u00fcnchenstein in beiden Kategorien (A+B) den 1. Rang<br \/>\nDie Jugi Ettingen feiert ihr 50j\u00e4hriges Jubil\u00e4um und erh\u00e4lt eine neue Jugi-Fahne.<\/p>\n<h2 class=\"fusion-responsive-typography-calculated\" style=\"--fontsize: 24; line-height: 1.5;\" data-fontsize=\"24\" data-lineheight=\"36px\">1986<\/h2>\n<p>Andreas Brodmann holt sich am Turnfest beider Basel den Kranz im olympischen Zehnkampf.<br \/>\nBeteiligung mit Festbeiz am Drei-D\u00f6rfer-Fest in Ettingen.<br \/>\nDie Turnerinnen feiern ihr 40j\u00e4hriges Jubil\u00e4um.<\/p>\n<h2 class=\"fusion-responsive-typography-calculated\" style=\"--fontsize: 24; line-height: 1.5;\" data-fontsize=\"24\" data-lineheight=\"36px\">1984<\/h2>\n<p>Der Turnverein mit den Untersektionen beteiligt sich mit grossem Erfolg am \u201eGuggerfescht\" zu Gunsten des Dorfmuseums.<br \/>\nDie M\u00e4nnerriege besucht erstmals in der Vereinsgeschichte ein Eidgen\u00f6ssisches Turnfest, n\u00e4mlich das in Winterthur.<\/p>\n<h2 class=\"fusion-responsive-typography-calculated\" style=\"--fontsize: 24; line-height: 1.5;\" data-fontsize=\"24\" data-lineheight=\"36px\">1983<\/h2>\n<p>Am 9. Juni wird an der Gemeindeversammlung das erste Projekt f\u00fcr eine neue Turnhalle nur knapp verworfen.<\/p>\n<h2 class=\"fusion-responsive-typography-calculated\" style=\"--fontsize: 24; line-height: 1.5;\" data-fontsize=\"24\" data-lineheight=\"36px\">1982<\/h2>\n<p>Das TV-Aktuell, mittlerweile im 10. Jahr, erh\u00e4lt ein neues Outfit.<br \/>\nDie Jugendriege Ettingen hat sich im Korbball f\u00fcr die Schweizermeister\u00acschaften qualifiziert und erobert den 4. Schlussrang.<br \/>\nZum Anlass des 150 j\u00e4hrigen Bestehens des ETV wird, mit Halt in Ettingen, eine Jubil\u00e4umsstafette \u201equer durch die Schweiz\" durchgef\u00fchrt.<\/p>\n<h2 class=\"fusion-responsive-typography-calculated\" style=\"--fontsize: 24; line-height: 1.5;\" data-fontsize=\"24\" data-lineheight=\"36px\">1981<\/h2>\n<p>Die Gymnastikgruppe der Turnerinnenriege erringt am Kantonal-Turnfest in Basel einmal mehr Rang 1.<\/p>\n<h2 class=\"fusion-responsive-typography-calculated\" style=\"--fontsize: 24; line-height: 1.5;\" data-fontsize=\"24\" data-lineheight=\"36px\">1980<\/h2>\n<p>Fusionitis! Die Redaktion des TV-aktuell und der FC Ettingen treffen sich zu Gespr\u00e4chen f\u00fcr eine Zusammenarbeit im Bereich Inserentenwerbung.<br \/>\nDer Turnverein beteiligt sich erstmals wieder an der Guggerfasnacht.<\/p>\n<h2 class=\"fusion-responsive-typography-calculated\" style=\"--fontsize: 24; line-height: 1.5;\" data-fontsize=\"24\" data-lineheight=\"36px\">1979<\/h2>\n<p>Der Turnverein feiert 40 Jahre Eierlesen mit gratis Spiegeleier-Essen f\u00fcr die Bev\u00f6lkerung.<br \/>\nDie Mitgliederwerbe-Aktion \u201eChomm cho turne\" l\u00e4uft an.<\/p>\n<h2 class=\"fusion-responsive-typography-calculated\" style=\"--fontsize: 24; line-height: 1.5;\" data-fontsize=\"24\" data-lineheight=\"36px\">1978<\/h2>\n<p>Am Eidgen\u00f6ssischen Turnfest in Genf erreichen die Turnerinnen in der Gymnastik den hervorragenden 3. Schlussrang.<br \/>\nFast ein Filmpreis! \u2013 Die Aktivriege wird an den Schaukelringen f\u00fcrs Fernsehen aufgenommen.<\/p>\n<h2 class=\"fusion-responsive-typography-calculated\" style=\"--fontsize: 24; line-height: 1.5;\" data-fontsize=\"24\" data-lineheight=\"36px\">1977<\/h2>\n<p>Der Turnverein feiert sein 75j\u00e4hriges Bestehen und f\u00fchrt in Ettingen ein Kantonales Turnfest durch.<\/p>\n<h2 class=\"fusion-responsive-typography-calculated\" style=\"--fontsize: 24; line-height: 1.5;\" data-fontsize=\"24\" data-lineheight=\"36px\">1976<\/h2>\n<p>Die Turnerinnenriege erringt an den Kantonalen Gymnastik- und Fitnessmeisterschaften den 1. Rang. Kantonaler M\u00e4dchenriegetag in Ettingen, organisiert von den Turnerinnen.<br \/>\nIn Ettingen findet eine Korbball-Meisterschaftsrunde der Nationalliga A und B statt.<br \/>\nIm Hinblick auf das bevorstehende Jubil\u00e4um wird ein Vereinsleibchen kreiert.<\/p>\n<h2 class=\"fusion-responsive-typography-calculated\" style=\"--fontsize: 24; line-height: 1.5;\" data-fontsize=\"24\" data-lineheight=\"36px\">1975<\/h2>\n<p>Ein Markstein in der Geschichte des Sektionsturnens bildet das gemeinsame Auftreten mit denunseren Turnerinnen am Kantonalturnfest in Riehen.<br \/>\nEine Gruppe des Vereins besucht die Gymnaestrada in Berlin.<br \/>\nDie Korbballmannschaft steigt in die Nationalliga B auf.<\/p>\n<h2 class=\"fusion-responsive-typography-calculated\" style=\"--fontsize: 24; line-height: 1.5;\" data-fontsize=\"24\" data-lineheight=\"36px\">1974<\/h2>\n<p>Anl\u00e4sslich der \u00d6lkrise wird das Warmwasser der Duschen in der Turnhalle abgestellt. Im TV-aktuell erscheint ein Artikel unter dem Titel \u201eStinkt's im Turnverein?\".<br \/>\nRegionaler Jugitag in Ettingen.<\/p>\n<h2 class=\"fusion-responsive-typography-calculated\" style=\"--fontsize: 24; line-height: 1.5;\" data-fontsize=\"24\" data-lineheight=\"36px\">1973<\/h2>\n<p>Statutenrevision.<br \/>\nDie Vereinszeitung \u201eTV-aktuell\" wird ins Leben gerufen. Das Redaktorenteam besteht aus Schaub Paul, St\u00f6cklin Werner und Th\u00fcring Werner.<br \/>\nEine Technische Kommission wird gebildet.<\/p>\n<h2 class=\"fusion-responsive-typography-calculated\" style=\"--fontsize: 24; line-height: 1.5;\" data-fontsize=\"24\" data-lineheight=\"36px\">1972<\/h2>\n<p>Zur Werbung neuer Mitglieder wird eine Fitnesswoche f\u00fcr jedermann durchgef\u00fchrt; doch leider bleibt der erhoffte Erfolg aus.<\/p>\n<h2 class=\"fusion-responsive-typography-calculated\" style=\"--fontsize: 24; line-height: 1.5;\" data-fontsize=\"24\" data-lineheight=\"36px\">1971<\/h2>\n<p>Das erste Ski-Weekend auf dem Pizol findet grossen Anklang.<\/p>\n<h2 class=\"fusion-responsive-typography-calculated\" style=\"--fontsize: 24; line-height: 1.5;\" data-fontsize=\"24\" data-lineheight=\"36px\">1970<\/h2>\n<p>Der Oberturner droht mit dem R\u00fccktritt, wenn die Turnstunden nicht besser besucht werden. Das Schlussturnen wird wieder eingef\u00fchrt.<\/p>\n<h2 class=\"fusion-responsive-typography-calculated\" style=\"--fontsize: 24; line-height: 1.5;\" data-fontsize=\"24\" data-lineheight=\"36px\">1969<\/h2>\n<p>Unter finanzieller Beteiligung verschiedener Ortsvereine wird der neue Fahnenkasten im F\u00fcrsten\u00acstein fertiggestellt.<\/p>\n<h2 class=\"fusion-responsive-typography-calculated\" style=\"--fontsize: 24; line-height: 1.5;\" data-fontsize=\"24\" data-lineheight=\"36px\">1968<\/h2>\n<p>Sportplatzeinweihung. Das Organisationskomitee besteht aus Mitgliedern des Fussballclubs und des Turnvereins.<br \/>\nDritte Fahnenweihe.<\/p>\n<h2 class=\"fusion-responsive-typography-calculated\" style=\"--fontsize: 24; line-height: 1.5;\" data-fontsize=\"24\" data-lineheight=\"36px\">1967<\/h2>\n<p>Am Eidgen\u00f6ssischen Turnfest in Bern wird die bis anhin h\u00f6chste Note errungen. Bei einer Beteiligung von 24 Mann erzielt der Verein 144.54 Punkte.<\/p>\n<h2 class=\"fusion-responsive-typography-calculated\" style=\"--fontsize: 24; line-height: 1.5;\" data-fontsize=\"24\" data-lineheight=\"36px\">1966<\/h2>\n<p>Die M\u00e4dchenriege nimmt den regelm\u00e4ssigen Turnstundenbetrieb auf.<\/p>\n<h2 class=\"fusion-responsive-typography-calculated\" style=\"--fontsize: 24; line-height: 1.5;\" data-fontsize=\"24\" data-lineheight=\"36px\">1965<\/h2>\n<p>Einweihung von Schulhaus und Turnhallen \u201eHintere Matten\".<\/p>\n<h2 class=\"fusion-responsive-typography-calculated\" style=\"--fontsize: 24; line-height: 1.5;\" data-fontsize=\"24\" data-lineheight=\"36px\">1962<\/h2>\n<p>Der Reinerl\u00f6s des Eierlesens von 350 Franken wird an zwei bed\u00fcrftige Familien im B\u00fcndnerland gespendet.<\/p>\n<h2 class=\"fusion-responsive-typography-calculated\" style=\"--fontsize: 24; line-height: 1.5;\" data-fontsize=\"24\" data-lineheight=\"36px\">1961<\/h2>\n<p>Kantonaler Nationalturntag in Ettingen. Sieger: V\u00f6gtli Fritz, Ettingen.<\/p>\n<h2 class=\"fusion-responsive-typography-calculated\" style=\"--fontsize: 24; line-height: 1.5;\" data-fontsize=\"24\" data-lineheight=\"36px\">1959<\/h2>\n<p>Aus dem Jahresbericht des Pr\u00e4sidenten \u00fcber den Tanz nach dem Eierlesen: \u201eDas verpflichtete Orchester spielte so miserabel, dass ich die Musikanten um 22 Uhr ausbezahlte, damit wir das Gejammer nicht mehr l\u00e4nger anh\u00f6ren mussten.\"<\/p>\n<h2 class=\"fusion-responsive-typography-calculated\" style=\"--fontsize: 24; line-height: 1.5;\" data-fontsize=\"24\" data-lineheight=\"36px\">1954<\/h2>\n<p>Aus dem Protokoll: \u201eDer Pr\u00e4sident sollte daf\u00fcr sorgen, dass w\u00e4hrend den Vorstandssitzungen keine Rauchw\u00fcrste mehr gegessen werden, da sonst die Tinte auf den \u00d6lflecken nicht mehr sichtbar ist.\"<br \/>\nDer Turnverein Ettingen wird zum erstenmal Kantonaler Hallen-Korbballmeister.<\/p>\n<h2 class=\"fusion-responsive-typography-calculated\" style=\"--fontsize: 24; line-height: 1.5;\" data-fontsize=\"24\" data-lineheight=\"36px\">1953<\/h2>\n<p>Aus dem Protokoll: \u201eEs sollen Bussen f\u00fcr das Fussballspielen w\u00e4hrend den Turnstunden eingef\u00fchrt werden; ab November darf nicht mehr in Zivilkleidern geturnt werden.\"<br \/>\nAus einem Fussballmatch zwischen dem Fussballclub und dem Turnverein ging unsere Elf mit 13:3 als Sieger hervor.<\/p>\n<h2 class=\"fusion-responsive-typography-calculated\" style=\"--fontsize: 24; line-height: 1.5;\" data-fontsize=\"24\" data-lineheight=\"36px\">1952<\/h2>\n<p>Jubil\u00e4umsfeier \u201e50 Jahre Turnverein Ettingen\", verbunden mit dem Bezirksturntag.<\/p>\n<h2 class=\"fusion-responsive-typography-calculated\" style=\"--fontsize: 24; line-height: 1.5;\" data-fontsize=\"24\" data-lineheight=\"36px\">1951<\/h2>\n<p>Erstes Ettinger Korbballturnier.<\/p>\n<h2 class=\"fusion-responsive-typography-calculated\" style=\"--fontsize: 24; line-height: 1.5;\" data-fontsize=\"24\" data-lineheight=\"36px\">1946<\/h2>\n<p>Gr\u00fcndung der Turnerinnenriege.<\/p>\n<h2 class=\"fusion-responsive-typography-calculated\" style=\"--fontsize: 24; line-height: 1.5;\" data-fontsize=\"24\" data-lineheight=\"36px\">1945<\/h2>\n<p>Gr\u00fcndung der M\u00e4nnerriege.<\/p>\n<h2 class=\"fusion-responsive-typography-calculated\" style=\"--fontsize: 24; line-height: 1.5;\" data-fontsize=\"24\" data-lineheight=\"36px\">1944<\/h2>\n<p>Kantonal-Schwingfest in Ettingen.<\/p>\n<h2 class=\"fusion-responsive-typography-calculated\" style=\"--fontsize: 24; line-height: 1.5;\" data-fontsize=\"24\" data-lineheight=\"36px\">1943<\/h2>\n<p>Zweite Fahnenweihe.<\/p>\n<h2 class=\"fusion-responsive-typography-calculated\" style=\"--fontsize: 24; line-height: 1.5;\" data-fontsize=\"24\" data-lineheight=\"36px\">1939<\/h2>\n<p>Der Brauch des Eierlesens wird mit grossem Erfolg in Ettingen wieder eingef\u00fchrt.<\/p>\n<h2 class=\"fusion-responsive-typography-calculated\" style=\"--fontsize: 24; line-height: 1.5;\" data-fontsize=\"24\" data-lineheight=\"36px\">1938<\/h2>\n<p>Ein Gel\u00f6bnis zwischen Leo Th\u00fcring und Karl Liniger, anl\u00e4sslich einer \u201ePintenkehre\" wird im Protokollbuch wie folgt festgehalten: \u201eWenn einer von uns beiden am Eidgen\u00f6ssischen Turnfest in Bern nicht mitmachen sollte (in der Sektion), dann ist er verpflichtet, anl\u00e4sslich der Heimkehr (oder) resp. beim Schlussakt dieses Festes im F\u00fcrstenstein ein Fass Bier (minimum 30 l) zu stiften. Sollten wir beide mitmachen oder nicht mitmachen, werden wir in beiden F\u00e4llen das Fass gemeinsam stiften.\"<\/p>\n<h2 class=\"fusion-responsive-typography-calculated\" style=\"--fontsize: 24; line-height: 1.5;\" data-fontsize=\"24\" data-lineheight=\"36px\">1936<\/h2>\n<p>Zwei Mitturner scheuen die M\u00fche nicht, mit dem Velo an das Eidgen\u00f6ssische Turnfest in Winterthur zu fahren.<br \/>\nAm Silvesterabend erhalten die Arbeitslosen eine Erm\u00e4ssigung von 60% auf den Eintrittspreis.<br \/>\nEine Kommission f\u00fcr das Korbballspiel wird gegr\u00fcndet.<\/p>\n<h2 class=\"fusion-responsive-typography-calculated\" style=\"--fontsize: 24; line-height: 1.5;\" data-fontsize=\"24\" data-lineheight=\"36px\">1935<\/h2>\n<p>In diesem Rekordjahr werden die Turnstunden zu 95% besucht.<\/p>\n<h2 class=\"fusion-responsive-typography-calculated\" style=\"--fontsize: 24; line-height: 1.5;\" data-fontsize=\"24\" data-lineheight=\"36px\">1933<\/h2>\n<p>Der Turnverein Ettingen f\u00fchrt das Bezirksturnfest durch.<\/p>\n<h2 class=\"fusion-responsive-typography-calculated\" style=\"--fontsize: 24; line-height: 1.5;\" data-fontsize=\"24\" data-lineheight=\"36px\">1932<\/h2>\n<p>Die neue Turnhalle wird eingeweiht (altes Feuerwehrmagazin) bei der Gemeindeverwaltung.<\/p>\n<h2 class=\"fusion-responsive-typography-calculated\" style=\"--fontsize: 24; line-height: 1.5;\" data-fontsize=\"24\" data-lineheight=\"36px\">1929<\/h2>\n<p>Mit einem von Paul H\u00fcgin und Johann H\u00e4nggi organisierten Bettelzug wird die Anschaffung der Trinkh\u00f6rner (Blumenh\u00f6rner) finanziert.<\/p>\n<h2 class=\"fusion-responsive-typography-calculated\" style=\"--fontsize: 24; line-height: 1.5;\" data-fontsize=\"24\" data-lineheight=\"36px\">1928<\/h2>\n<p>Der erste Eidgen\u00f6ssische Lorbeerkranz eines Ettingervereins wird am Turnfest in Luzern errungen.<\/p>\n<h2 class=\"fusion-responsive-typography-calculated\" style=\"--fontsize: 24; line-height: 1.5;\" data-fontsize=\"24\" data-lineheight=\"36px\">1927<\/h2>\n<p>Als Sammlungsbeitrag f\u00fcr die Olympischen Winterspiele in St. Moritz bezahlt jedes Mitglied zehn Rappen. Die Vereinskasse rundet auf f\u00fcnf Franken auf.<\/p>\n<h2 class=\"fusion-responsive-typography-calculated\" style=\"--fontsize: 24; line-height: 1.5;\" data-fontsize=\"24\" data-lineheight=\"36px\">1926<\/h2>\n<p>Wer das Turnband nicht tr\u00e4gt, wenn es vom Verein beschlossen ist, hat eine Busse von f\u00fcnfzig Rappen zu bezahlen.<\/p>\n<h2 class=\"fusion-responsive-typography-calculated\" style=\"--fontsize: 24; line-height: 1.5;\" data-fontsize=\"24\" data-lineheight=\"36px\">1924<\/h2>\n<p>Aus dem Protokoll: \u201eEs muss in weiss geturnt werden, ansonsten eine Busse von f\u00fcnfzig Rappen zu entrichten ist.\"<\/p>\n<h2 class=\"fusion-responsive-typography-calculated\" style=\"--fontsize: 24; line-height: 1.5;\" data-fontsize=\"24\" data-lineheight=\"36px\">1923<\/h2>\n<p>F\u00fcr das Kantonalturnfest in Muttenz werden die Turner gebeten, in weiss und mit Kittel und Strohhut zu erscheinen.<br \/>\nDie neuen Statuten werden genehmigt.<\/p>\n<h2 class=\"fusion-responsive-typography-calculated\" style=\"--fontsize: 24; line-height: 1.5;\" data-fontsize=\"24\" data-lineheight=\"36px\">1922<\/h2>\n<p>Erste Teilnahme an einem Eidgen\u00f6ssischen Turnfest (St. Gallen).<\/p>\n<h2 class=\"fusion-responsive-typography-calculated\" style=\"--fontsize: 24; line-height: 1.5;\" data-fontsize=\"24\" data-lineheight=\"36px\">1921<\/h2>\n<p>Zum erstenmal hat der Turnverein die Ehre, ein Bezirksturnfest in Ettingen zu organisieren.<\/p>\n<h2 class=\"fusion-responsive-typography-calculated\" style=\"--fontsize: 24; line-height: 1.5;\" data-fontsize=\"24\" data-lineheight=\"36px\">1920<\/h2>\n<p>Lehrer Josef Th\u00fcring \u00fcbernimmt den TV-Chor als Dirigent.<\/p>\n<h2 class=\"fusion-responsive-typography-calculated\" style=\"--fontsize: 24; line-height: 1.5;\" data-fontsize=\"24\" data-lineheight=\"36px\">1919<\/h2>\n<p>Eine Unterschriftensammlung f\u00fcr die Vergr\u00f6sserung des Sportplatzes wird in die Wege geleitet.<\/p>\n<h2 class=\"fusion-responsive-typography-calculated\" style=\"--fontsize: 24; line-height: 1.5;\" data-fontsize=\"24\" data-lineheight=\"36px\">1918<\/h2>\n<p>Theaterauff\u00fchrung \u201eder Turmgeist von Grauenburg.\" F\u00fcr zwei Franken ersteht der Verein bei der B\u00fcrgergemeinde eine Tanne, um den Saal zu heizen.<br \/>\nIm Dezember verbietet das Polizei-Departement das Turnen wegen der schweren Grippe-Epidemie.<\/p>\n<h2 class=\"fusion-responsive-typography-calculated\" style=\"--fontsize: 24; line-height: 1.5;\" data-fontsize=\"24\" data-lineheight=\"36px\">1914<\/h2>\n<p>Oberturnerkrise. Der Oberturner des TV Binningen erkl\u00e4rt sich bereit, auch den Turnverein Ettingen an das Kantonale zu f\u00fchren. Es werden ihm zwei Kilometerkarten der Birsigtalbahn zu vier Franken f\u00fcnfzig gekauft.<br \/>\nDer sp\u00e4tere Schwingkeller wird als Turnlokal zur Verf\u00fcgung gestellt.<br \/>\nDer Monatsbeitrag betr\u00e4gt nun 60 Rappen.<\/p>\n<h2 class=\"fusion-responsive-typography-calculated\" style=\"--fontsize: 24; line-height: 1.5;\" data-fontsize=\"24\" data-lineheight=\"36px\">1912<\/h2>\n<p>Der Verein steckt in einer schweren Krise, da das Turnlokal ger\u00e4umt werden muss. Aufgrund einer Intervention des Kantonal-Oberturners versichert der Gemeindepr\u00e4sident jedoch, in n\u00e4chster Zeit f\u00fcr einen Sportplatz und ein geeignetes Lokal zu sorgen.<\/p>\n<h2 class=\"fusion-responsive-typography-calculated\" style=\"--fontsize: 24; line-height: 1.5;\" data-fontsize=\"24\" data-lineheight=\"36px\">1910<\/h2>\n<p>Am Silvesterabend wird zum erstenmal einem staunenden Publikum das Gl\u00fchlichtschwingen vorgef\u00fchrt.<\/p>\n<h2 class=\"fusion-responsive-typography-calculated\" style=\"--fontsize: 24; line-height: 1.5;\" data-fontsize=\"24\" data-lineheight=\"36px\">1905<\/h2>\n<p>Der Fasnachtstanz und der Verkauf von \u201eK\u00e4sbl\u00e4ttern\" (Fasnachtszettel) bringt einen anst\u00e4ndigen finanziellen Erfolg. Mit Busse wird bestraft: das unentschuldigte Fehlen an den Tanzproben: Fr. 1.-; den Tanz lernen, aber nicht mitmachen: Fr. 10.-; nicht mitmachen und fehlen an der Auff\u00fch-rung: Fr. 5.-; beim Tanz mitmachen, aber unm\u00e4ssig sein: Fr. 2.-.<br \/>\nProgramm der Generalver\u00acsammlung vom 12. Februar: \u201e15.00 Uhr Beginn; ab 17.00 Uhr gem\u00fctliche Unterhaltung; ab 19.00 Uhr Tanz bis Mitternacht mit den eingeladenen Fr\u00e4uleins.\"<br \/>\nAm Schlussturnen ist jeder Aktive gehalten, eine Gabe von zwei Franken f\u00fcnfzig mitzubringen.<\/p>\n<h2 class=\"fusion-responsive-typography-calculated\" style=\"--fontsize: 24; line-height: 1.5;\" data-fontsize=\"24\" data-lineheight=\"36px\">1904<\/h2>\n<p>Das erste Banner wird mit einem Festakt im \u201eNiederhof\" eingeweiht. Die Kosten der Fahne belaufen sich auf 360 Franken. Der junge Verein besucht zum erstenmal ein Kantonales Turnfest in Binningen und kehrt lorbeergeschm\u00fcckt nach Hause.<\/p>\n<h2 class=\"fusion-responsive-typography-calculated\" style=\"--fontsize: 24; line-height: 1.5;\" data-fontsize=\"24\" data-lineheight=\"36px\">1902<\/h2>\n<p>Der Turnverein Ettingen wird gegr\u00fcndet.<\/p>\n<\/div><div class=\"fusion-clearfix\"><\/div><\/div><\/div><div class=\"fusion-layout-column fusion_builder_column fusion-builder-column-1 fusion_builder_column_1_3 1_3 fusion-one-third fusion-column-last\" style=\"--awb-bg-size:cover;width:33.333333333333%;width:calc(33.333333333333% - ( ( 4% ) * 0.33333333333333 ) );\"><div class=\"fusion-column-wrapper fusion-flex-column-wrapper-legacy\"><div class=\"fusion-clearfix\"><\/div><\/div><\/div><\/div><\/div>\n","protected":false},"excerpt":{"rendered":"","protected":false},"author":1,"featured_media":0,"parent":0,"menu_order":0,"comment_status":"closed","ping_status":"closed","template":"","meta":{"ngg_post_thumbnail":0,"footnotes":""},"class_list":["post-895","page","type-page","status-publish","hentry"],"_links":{"self":[{"href":"https:\/\/www.tvettingen.ch\/extranet\/wp-json\/wp\/v2\/pages\/895","targetHints":{"allow":["GET"]}}],"collection":[{"href":"https:\/\/www.tvettingen.ch\/extranet\/wp-json\/wp\/v2\/pages"}],"about":[{"href":"https:\/\/www.tvettingen.ch\/extranet\/wp-json\/wp\/v2\/types\/page"}],"author":[{"embeddable":true,"href":"https:\/\/www.tvettingen.ch\/extranet\/wp-json\/wp\/v2\/users\/1"}],"replies":[{"embeddable":true,"href":"https:\/\/www.tvettingen.ch\/extranet\/wp-json\/wp\/v2\/comments?post=895"}],"version-history":[{"count":7,"href":"https:\/\/www.tvettingen.ch\/extranet\/wp-json\/wp\/v2\/pages\/895\/revisions"}],"predecessor-version":[{"id":15307,"href":"https:\/\/www.tvettingen.ch\/extranet\/wp-json\/wp\/v2\/pages\/895\/revisions\/15307"}],"wp:attachment":[{"href":"https:\/\/www.tvettingen.ch\/extranet\/wp-json\/wp\/v2\/media?parent=895"}],"curies":[{"name":"wp","href":"https:\/\/api.w.org\/{rel}","templated":true}]}}